{"id":497,"date":"2022-03-10T16:03:28","date_gmt":"2022-03-10T15:03:28","guid":{"rendered":"https:\/\/albergoallacosta.com\/?page_id=497"},"modified":"2022-03-30T10:54:36","modified_gmt":"2022-03-30T08:54:36","slug":"gebiet","status":"publish","type":"page","link":"https:\/\/albergoallacosta.com\/de\/gebiet\/","title":{"rendered":"Gebiet"},"content":{"rendered":"<section class=\"l-section wpb_row height_medium full_height valign_bottom with_slider\"><div class=\"l-section-slider\"><div class=\"w-slider style_none fit_cover nav_none count_1\"><div class=\"w-slider-h\"><div class=\"royalSlider\"><div class=\"rsContent\"><a class=\"rsImg\" data-rsw=\"1920\" data-rsh=\"1278\" href=\"https:\/\/albergoallacosta.com\/wp-content\/uploads\/2022\/03\/014_VallediLedro\u00a92014RobertoVuilleumier.jpg\"><span data-alt=\"\"><\/span><\/a><\/div><\/div><img decoding=\"async\" src=\"https:\/\/albergoallacosta.com\/wp-content\/uploads\/2022\/03\/014_VallediLedro\u00a92014RobertoVuilleumier.jpg\" width=\"1920\" height=\"1278\" alt loading=\"lazy\"><\/div><div class=\"w-slider-json\" onclick='return {&quot;autoScaleSlider&quot;:true,&quot;addActiveClass&quot;:true,&quot;loop&quot;:true,&quot;fadeInLoadedSlide&quot;:false,&quot;slidesSpacing&quot;:0,&quot;imageScalePadding&quot;:0,&quot;numImagesToPreload&quot;:2,&quot;arrowsNav&quot;:false,&quot;arrowsNavAutoHide&quot;:false,&quot;transitionType&quot;:&quot;fade&quot;,&quot;transitionSpeed&quot;:1000,&quot;block&quot;:{&quot;moveEffect&quot;:&quot;none&quot;,&quot;speed&quot;:300},&quot;thumbs&quot;:{&quot;fitInViewport&quot;:false,&quot;firstMargin&quot;:false,&quot;spacing&quot;:4},&quot;controlNavigation&quot;:&quot;none&quot;,&quot;autoplay&quot;:{&quot;enabled&quot;:true,&quot;pauseOnHover&quot;:false,&quot;delay&quot;:3000},&quot;autoScaleSliderWidth&quot;:1920,&quot;autoScaleSliderHeight&quot;:1278}'><\/div><\/div><\/div><div class=\"l-section-overlay\" style=\"background:rgba(0,0,0,0.15)\"><\/div><div class=\"l-section-h i-cf\"><div class=\"g-cols vc_row via_grid cols_2 laptops-cols_inherit tablets-cols_inherit mobiles-cols_1 valign_top type_default stacking_default\"><div class=\"wpb_column vc_column_container\"><div class=\"vc_column-inner\"><\/div><\/div><div class=\"wpb_column vc_column_container\"><div class=\"vc_column-inner\"><div class=\"wpb_text_column us_custom_59fb4a9b has_text_color\"><div class=\"wpb_wrapper\"><p>GEBIET<\/p>\n<\/div><\/div><div class=\"w-separator size_custom with_line width_30 thick_2 style_solid color_border align_right\" style=\"height:10px\"><div class=\"w-separator-h\"><\/div><\/div><div class=\"w-separator size_medium\"><\/div><\/div><\/div><\/div><\/div><\/section><section class=\"l-section wpb_row height_medium with_img\" id=\"contenuto\"><div class=\"l-section-img\" role=\"img\" aria-label=\"Bild\" data-img-width=\"458\" data-img-height=\"403\" style=\"background-image: url(https:\/\/albergoallacosta.com\/wp-content\/uploads\/2022\/03\/bg-margherita.svg);background-position: bottom left;background-repeat: no-repeat;background-size: auto;\"><\/div><div class=\"l-section-h i-cf\"><div class=\"g-cols vc_row via_grid cols_1 laptops-cols_inherit tablets-cols_inherit mobiles-cols_1 valign_top type_default stacking_default\"><div class=\"wpb_column vc_column_container\"><div class=\"vc_column-inner\"><div class=\"wpb_text_column\"><div class=\"wpb_wrapper\"><h1>ZWEI SCHRITTE VOM LEDROSEE<\/h1>\n<\/div><\/div><div class=\"wpb_text_column\"><div class=\"wpb_wrapper\"><h3>F\u00fcr einen Familienurlaub zwischen Natur und Unterhaltung.<\/h3>\n<\/div><\/div><div class=\"w-separator size_medium\"><\/div><div class=\"g-cols wpb_row via_grid cols_1-3 laptops-cols_inherit tablets-cols_inherit mobiles-cols_1 valign_top type_default stacking_default\" style=\"--columns-gap:3rem;\"><div class=\"wpb_column vc_column_container\"><div class=\"vc_column-inner\"><\/div><\/div><div class=\"wpb_column vc_column_container us_custom_83e0c265\"><div class=\"vc_column-inner\"><div class=\"wpb_text_column us_custom_432d3f53\"><div class=\"wpb_wrapper\"><p>Das Hotel \u201eAlla Costa\u201c liegt etwa 2\u00a0km von den Str\u00e4nden des Ledrosees und wenige Autominuten vom Gardasee (ca. 10\u00a0km), der bei Riva del Garda zu erreichen ist, und vom kleinen Tennosee entfernt.<\/p>\n<p>Nutzen Sie mit der Trentino Guest Card die M\u00f6glichkeit der kostenlosen \u00f6ffentlichen Verkehrsmittel, um die nahe gelegenen Gemeinden am See zu besuchen.<\/p>\n<\/div><\/div><\/div><\/div><\/div><\/div><\/div><\/div><\/div><\/section><section class=\"l-section wpb_row us_custom_60e9caca us_animate_this height_medium color_alternate\"><div class=\"l-section-h i-cf\"><div class=\"g-cols vc_row via_grid cols_2-1 laptops-cols_inherit tablets-cols_inherit mobiles-cols_1 valign_middle type_default stacking_default\"><div class=\"wpb_column vc_column_container\"><div class=\"vc_column-inner\"><div class=\"w-slider us_custom_447bff20 style_none fit_cover nav_none has_border_radius count_6\"><div class=\"w-slider-h\"><div class=\"royalSlider\"><div class=\"rsContent\"><a class=\"rsImg\" data-rsw=\"1280\" data-rsh=\"853\" href=\"https:\/\/albergoallacosta.com\/wp-content\/uploads\/2022\/03\/2377_ValleLedro_autunno\u00a92015RobertoVuilleumier-1280x853.jpg\"><span data-alt=\"\"><\/span><\/a><\/div><div class=\"rsContent\"><a class=\"rsImg\" data-rsw=\"1280\" data-rsh=\"853\" href=\"https:\/\/albergoallacosta.com\/wp-content\/uploads\/2022\/03\/15_Museo_delle_Palafitte\u00a92013RobertoVuilleumier-1280x853.jpg\"><span data-alt=\"\"><\/span><\/a><\/div><div class=\"rsContent\"><a class=\"rsImg\" data-rsw=\"1280\" data-rsh=\"853\" href=\"https:\/\/albergoallacosta.com\/wp-content\/uploads\/2022\/03\/5_Canoa_Ledro\u00a92013RobertoVuilleumier-1280x853.jpg\"><span data-alt=\"\"><\/span><\/a><\/div><div class=\"rsContent\"><a class=\"rsImg\" data-rsw=\"1280\" data-rsh=\"853\" href=\"https:\/\/albergoallacosta.com\/wp-content\/uploads\/2022\/03\/MG_04253-1280x853.jpg\"><span data-alt=\"\"><\/span><\/a><\/div><div class=\"rsContent\"><a class=\"rsImg\" data-rsw=\"1280\" data-rsh=\"853\" href=\"https:\/\/albergoallacosta.com\/wp-content\/uploads\/2022\/03\/Trekkin-in-Val-di-Ledro-\u00a9-foto-Daniele-Mosna1-1280x853.jpg\"><span data-alt=\"\"><\/span><\/a><\/div><div class=\"rsContent\"><a class=\"rsImg\" data-rsw=\"1280\" data-rsh=\"853\" href=\"https:\/\/albergoallacosta.com\/wp-content\/uploads\/2022\/03\/79_LedroFamily2015\u00a9RobertoVuilleumier-1280x853.jpg\"><span data-alt=\"\"><\/span><\/a><\/div><\/div><img decoding=\"async\" src=\"https:\/\/albergoallacosta.com\/wp-content\/uploads\/2022\/03\/2377_ValleLedro_autunno\u00a92015RobertoVuilleumier-1280x853.jpg\" width=\"1280\" height=\"853\" alt loading=\"lazy\"><\/div><div class=\"w-slider-json\" onclick='return {&quot;autoScaleSlider&quot;:true,&quot;addActiveClass&quot;:true,&quot;loop&quot;:true,&quot;fadeInLoadedSlide&quot;:false,&quot;slidesSpacing&quot;:0,&quot;imageScalePadding&quot;:0,&quot;numImagesToPreload&quot;:2,&quot;arrowsNav&quot;:true,&quot;arrowsNavAutoHide&quot;:false,&quot;transitionType&quot;:&quot;move&quot;,&quot;transitionSpeed&quot;:250,&quot;block&quot;:{&quot;moveEffect&quot;:&quot;none&quot;,&quot;speed&quot;:300},&quot;thumbs&quot;:{&quot;fitInViewport&quot;:false,&quot;firstMargin&quot;:false,&quot;spacing&quot;:4},&quot;controlNavigation&quot;:&quot;none&quot;,&quot;autoplay&quot;:{&quot;enabled&quot;:true,&quot;pauseOnHover&quot;:true,&quot;delay&quot;:3000},&quot;autoScaleSliderWidth&quot;:1280,&quot;autoScaleSliderHeight&quot;:853}'><\/div><\/div><\/div><\/div><div class=\"wpb_column vc_column_container\"><div class=\"vc_column-inner\"><div class=\"wpb_text_column us_custom_468ca14e has_text_color\"><div class=\"wpb_wrapper\"><p>Valle di Ledro<\/p>\n<\/div><\/div><div class=\"wpb_text_column us_custom_9ab1b070 has_text_color\"><div class=\"wpb_wrapper\"><h2 class=\"rosa\">Sommer<\/h2>\n<\/div><\/div><div class=\"w-separator size_small with_line width_30 thick_4 style_solid color_primary align_left\"><div class=\"w-separator-h\"><\/div><\/div><div class=\"wpb_text_column us_custom_432d3f53\"><div class=\"wpb_wrapper\"><p>Das Ledrotal bietet viele sportliche Aktivit\u00e4ten wie Mountainbiking, Trekking und Wassersport, aber es ist auch eine absolute Ruheoase f\u00fcr vollkommene Entspannung an den Str\u00e4nden des Sees.<\/p>\n<\/div><\/div><div class=\"w-separator size_small\"><\/div><div class=\"w-btn-wrapper align_none\"><a class=\"w-btn us-btn-style_1\" target=\"_blank\" rel=\"nofollow\" href=\"https:\/\/www.vallediledro.com\"><span class=\"w-btn-label\">Besuchen Sie die APT-Website<\/span><\/a><\/div><\/div><\/div><\/div><\/div><\/section><section class=\"l-section wpb_row us_custom_60e9caca us_animate_this height_medium color_alternate\"><div class=\"l-section-h i-cf\"><div class=\"g-cols vc_row via_grid cols_1-2 laptops-cols_inherit tablets-cols_inherit mobiles-cols_1 valign_middle type_default reversed stacking_default\"><div class=\"wpb_column vc_column_container\"><div class=\"vc_column-inner\"><div class=\"wpb_text_column us_custom_468ca14e has_text_color\"><div class=\"wpb_wrapper\"><p>Valle di Ledro<\/p>\n<\/div><\/div><div class=\"wpb_text_column us_custom_9ab1b070 has_text_color\"><div class=\"wpb_wrapper\"><h2 class=\"rosa\">Winter<\/h2>\n<\/div><\/div><div class=\"w-separator size_small with_line width_30 thick_4 style_solid color_primary align_left\"><div class=\"w-separator-h\"><\/div><\/div><div class=\"wpb_text_column us_custom_432d3f53\"><div class=\"wpb_wrapper\"><p>F\u00fcr Schneeliebhaber bietet der Monte Tremalzo Skipisten und Schneeschuhtrails in einer wirklich nat\u00fcrlichen Umgebung, leicht zug\u00e4nglich und f\u00fcr die ganze Familie geeignet. Im Herbst sind Waldspazierg\u00e4nge auf der Suche nach Pilzen sehr beliebt.<\/p>\n<\/div><\/div><\/div><\/div><div class=\"wpb_column vc_column_container\"><div class=\"vc_column-inner\"><div class=\"w-slider us_custom_447bff20 style_none fit_cover nav_none has_border_radius count_5\"><div class=\"w-slider-h\"><div class=\"royalSlider\"><div class=\"rsContent\"><a class=\"rsImg\" data-rsw=\"1280\" data-rsh=\"853\" href=\"https:\/\/albergoallacosta.com\/wp-content\/uploads\/2022\/03\/MG_55219-1280x853.jpg\"><span data-alt=\"\"><\/span><\/a><\/div><div class=\"rsContent\"><a class=\"rsImg\" data-rsw=\"1280\" data-rsh=\"853\" href=\"https:\/\/albergoallacosta.com\/wp-content\/uploads\/2022\/03\/1_Inverno_Ledro\u00a92008FrancoDaldoss-1280x853.jpg\"><span data-alt=\"\"><\/span><\/a><\/div><div class=\"rsContent\"><a class=\"rsImg\" data-rsw=\"1280\" data-rsh=\"853\" href=\"https:\/\/albergoallacosta.com\/wp-content\/uploads\/2022\/03\/11_Inverno_Ledro\u00a92009FrancoDaldoss-1280x853.jpg\"><span data-alt=\"\"><\/span><\/a><\/div><div class=\"rsContent\"><a class=\"rsImg\" data-rsw=\"1280\" data-rsh=\"853\" href=\"https:\/\/albergoallacosta.com\/wp-content\/uploads\/2022\/03\/10_Polenta_di_patate\u00a92012MauroBartoli_135-1280x853.jpg\"><span data-alt=\"\"><\/span><\/a><\/div><div class=\"rsContent\"><a class=\"rsImg\" data-rsw=\"1024\" data-rsh=\"685\" href=\"https:\/\/albergoallacosta.com\/wp-content\/uploads\/2022\/03\/2_Lago_dAmpola\u00a92011VoglinoePorporato.jpg\"><span data-alt=\"\"><\/span><\/a><\/div><\/div><img decoding=\"async\" src=\"https:\/\/albergoallacosta.com\/wp-content\/uploads\/2022\/03\/MG_55219-1280x853.jpg\" width=\"1280\" height=\"853\" alt loading=\"lazy\"><\/div><div class=\"w-slider-json\" onclick='return {&quot;autoScaleSlider&quot;:true,&quot;addActiveClass&quot;:true,&quot;loop&quot;:true,&quot;fadeInLoadedSlide&quot;:false,&quot;slidesSpacing&quot;:0,&quot;imageScalePadding&quot;:0,&quot;numImagesToPreload&quot;:2,&quot;arrowsNav&quot;:true,&quot;arrowsNavAutoHide&quot;:false,&quot;transitionType&quot;:&quot;move&quot;,&quot;transitionSpeed&quot;:250,&quot;block&quot;:{&quot;moveEffect&quot;:&quot;none&quot;,&quot;speed&quot;:300},&quot;thumbs&quot;:{&quot;fitInViewport&quot;:false,&quot;firstMargin&quot;:false,&quot;spacing&quot;:4},&quot;controlNavigation&quot;:&quot;none&quot;,&quot;autoplay&quot;:{&quot;enabled&quot;:true,&quot;pauseOnHover&quot;:true,&quot;delay&quot;:3000},&quot;autoScaleSliderWidth&quot;:1280,&quot;autoScaleSliderHeight&quot;:853}'><\/div><\/div><\/div><\/div><\/div><\/div><\/section><section class=\"l-section wpb_row us_custom_b94b501d us_animate_this height_medium\"><div class=\"l-section-h i-cf\"><div class=\"g-cols vc_row via_grid cols_1 laptops-cols_inherit tablets-cols_inherit mobiles-cols_1 valign_top type_default stacking_default\"><div class=\"wpb_column vc_column_container\"><div class=\"vc_column-inner\"><div class=\"w-image i1200 align_center\"><a ref=\"magnificPopup\" href=\"https:\/\/albergoallacosta.com\/wp-content\/uploads\/2022\/03\/mappa.svg\" aria-label=\"mappa\" class=\"w-image-h\"><img decoding=\"async\" width=\"1418\" height=\"724\" src=\"https:\/\/albergoallacosta.com\/wp-content\/uploads\/2022\/03\/mappa.svg\" class=\"attachment-full size-full\" alt=\"Hotel Lago di Ledro - Albergo Alla Costa\" loading=\"lazy\" \/><\/a><\/div><div class=\"w-separator size_medium\"><\/div><div class=\"g-cols wpb_row via_grid cols_3 laptops-cols_inherit tablets-cols_inherit mobiles-cols_1 valign_top type_default stacking_default\" style=\"--columns-gap:3rem;\"><div class=\"wpb_column vc_column_container\"><div class=\"vc_column-inner\"><div class=\"wpb_text_column\"><div class=\"wpb_wrapper\"><h2>Entfernungen<br \/>\n<span class=\"scuro\">IN DER N\u00c4HE DES HOTELS<\/span><\/h2>\n<\/div><\/div><div class=\"w-separator size_medium\"><\/div><\/div><\/div><div class=\"wpb_column vc_column_container us_custom_a536201d\"><div class=\"vc_column-inner\"><div class=\"wpb_text_column\"><div class=\"wpb_wrapper\"><p>Ledrosee &#8211; 3 Km<br \/>\nGardasee &#8211; 18 Km<br \/>\nTennosee &#8211; 21 Km<\/p>\n<p>Monte Tremalzo &#8211; 16 Km<br \/>\nPonale-Weg &#8211; 10 Km<br \/>\nWanderweg Punta Larici &#8211; 14 Km<\/p>\n<p>Riva del Garda &#8211;\u00a018 Km<br \/>\nLimone &#8211; 28 Km<br \/>\nRovereto &#8211; 40 Km<\/p>\n<\/div><\/div><\/div><\/div><div class=\"wpb_column vc_column_container us_custom_a536201d\"><div class=\"vc_column-inner\"><div class=\"wpb_text_column\"><div class=\"wpb_wrapper\"><p>Kriegsmuseum &#8211; 100 mt.<br \/>\nPalafitte-Museum &#8211; 6,5 Km<br \/>\nLedro Land Art &#8211; 6,5 Km<br \/>\nStrand f\u00fcr Hunde Pur &#8211; 6 Km<\/p>\n<p>Ampola-Wasserfall &#8211; 10 Km<br \/>\nGorg d&#8217;Abiss-Wasserfall &#8211; 4 Km<br \/>\nVarone-Wasserf\u00e4lle &#8211; 17 Km<\/p>\n<\/div><\/div><\/div><\/div><\/div><\/div><\/div><\/div><\/div><\/section>\n","protected":false},"excerpt":{"rendered":"GEBIET ZWEI SCHRITTE VOM LEDROSEE F\u00fcr einen Familienurlaub zwischen Natur und Unterhaltung. Das Hotel \u201eAlla Costa\u201c liegt etwa 2\u00a0km von den Str\u00e4nden des Ledrosees und wenige Autominuten vom Gardasee (ca. 10\u00a0km), der bei Riva del Garda zu erreichen ist, und vom kleinen Tennosee entfernt. Nutzen Sie mit der Trentino Guest Card die M\u00f6glichkeit der kostenlosen...","protected":false},"author":1,"featured_media":480,"parent":0,"menu_order":0,"comment_status":"closed","ping_status":"closed","template":"","meta":{"_acf_changed":false,"inline_featured_image":false,"footnotes":""},"class_list":["post-497","page","type-page","status-publish","has-post-thumbnail","hentry"],"acf":[],"yoast_head":"<!-- This site is optimized with the Yoast SEO plugin v27.4 - https:\/\/yoast.com\/product\/yoast-seo-wordpress\/ -->\n<title>Ledrosee - Hotel Alla Costa -5%<\/title>\n<meta name=\"description\" content=\"Das Albergo Alla Costa ist ein Hotel in Ledrosee in Bezzecca, nur 2 km vom Ledrosee entfernt. Es verf\u00fcgt \u00fcber 14 k\u00fcrzlich renovierte Zimmer.\" \/>\n<meta name=\"robots\" content=\"index, follow, max-snippet:-1, max-image-preview:large, max-video-preview:-1\" \/>\n<link rel=\"canonical\" href=\"https:\/\/albergoallacosta.com\/territorio\/\" \/>\n<meta property=\"og:locale\" content=\"de_DE\" \/>\n<meta property=\"og:type\" content=\"article\" \/>\n<meta property=\"og:title\" content=\"Ledrosee - Hotel Alla Costa -5%\" \/>\n<meta property=\"og:description\" content=\"Das Albergo Alla Costa ist ein Hotel in Ledrosee in Bezzecca, nur 2 km vom Ledrosee entfernt. Es verf\u00fcgt \u00fcber 14 k\u00fcrzlich renovierte Zimmer.\" \/>\n<meta property=\"og:url\" content=\"https:\/\/albergoallacosta.com\/territorio\/\" \/>\n<meta property=\"og:site_name\" content=\"Albergo Alla Costa\" \/>\n<meta property=\"article:modified_time\" content=\"2022-03-30T08:54:36+00:00\" \/>\n<meta name=\"twitter:card\" content=\"summary_large_image\" \/>\n<meta name=\"twitter:label1\" content=\"Gesch\u00e4tzte Lesezeit\" \/>\n\t<meta name=\"twitter:data1\" content=\"4\u00a0Minuten\" \/>\n<script type=\"application\/ld+json\" class=\"yoast-schema-graph\">{\"@context\":\"https:\\\/\\\/schema.org\",\"@graph\":[{\"@type\":\"WebPage\",\"@id\":\"https:\\\/\\\/albergoallacosta.com\\\/territorio\\\/\",\"url\":\"https:\\\/\\\/albergoallacosta.com\\\/territorio\\\/\",\"name\":\"Ledrosee - Hotel Alla Costa -5%\",\"isPartOf\":{\"@id\":\"https:\\\/\\\/albergoallacosta.com\\\/#website\"},\"primaryImageOfPage\":{\"@id\":\"https:\\\/\\\/albergoallacosta.com\\\/territorio\\\/#primaryimage\"},\"image\":{\"@id\":\"https:\\\/\\\/albergoallacosta.com\\\/territorio\\\/#primaryimage\"},\"thumbnailUrl\":\"https:\\\/\\\/albergoallacosta.com\\\/wp-content\\\/uploads\\\/2022\\\/03\\\/15_Museo_delle_Palafitte\u00a92013RobertoVuilleumier.jpg\",\"datePublished\":\"2022-03-10T15:03:28+00:00\",\"dateModified\":\"2022-03-30T08:54:36+00:00\",\"description\":\"Das Albergo Alla Costa ist ein Hotel in Ledrosee in Bezzecca, nur 2 km vom Ledrosee entfernt. Es verf\u00fcgt \u00fcber 14 k\u00fcrzlich renovierte Zimmer.\",\"breadcrumb\":{\"@id\":\"https:\\\/\\\/albergoallacosta.com\\\/territorio\\\/#breadcrumb\"},\"inLanguage\":\"de\",\"potentialAction\":[{\"@type\":\"ReadAction\",\"target\":[\"https:\\\/\\\/albergoallacosta.com\\\/territorio\\\/\"]}]},{\"@type\":\"ImageObject\",\"inLanguage\":\"de\",\"@id\":\"https:\\\/\\\/albergoallacosta.com\\\/territorio\\\/#primaryimage\",\"url\":\"https:\\\/\\\/albergoallacosta.com\\\/wp-content\\\/uploads\\\/2022\\\/03\\\/15_Museo_delle_Palafitte\u00a92013RobertoVuilleumier.jpg\",\"contentUrl\":\"https:\\\/\\\/albergoallacosta.com\\\/wp-content\\\/uploads\\\/2022\\\/03\\\/15_Museo_delle_Palafitte\u00a92013RobertoVuilleumier.jpg\",\"width\":1920,\"height\":1278,\"caption\":\"Tramonto nel parco del Museo delle Palafitte del Lago di Ledro\"},{\"@type\":\"BreadcrumbList\",\"@id\":\"https:\\\/\\\/albergoallacosta.com\\\/territorio\\\/#breadcrumb\",\"itemListElement\":[{\"@type\":\"ListItem\",\"position\":1,\"name\":\"Home\",\"item\":\"https:\\\/\\\/albergoallacosta.com\\\/de\\\/spezialangebot-2026\\\/\"},{\"@type\":\"ListItem\",\"position\":2,\"name\":\"Gebiet\"}]},{\"@type\":\"WebSite\",\"@id\":\"https:\\\/\\\/albergoallacosta.com\\\/#website\",\"url\":\"https:\\\/\\\/albergoallacosta.com\\\/\",\"name\":\"Albergo Alla Costa\",\"description\":\"Albergo Alla Costa\",\"publisher\":{\"@id\":\"https:\\\/\\\/albergoallacosta.com\\\/#organization\"},\"potentialAction\":[{\"@type\":\"SearchAction\",\"target\":{\"@type\":\"EntryPoint\",\"urlTemplate\":\"https:\\\/\\\/albergoallacosta.com\\\/?s={search_term_string}\"},\"query-input\":{\"@type\":\"PropertyValueSpecification\",\"valueRequired\":true,\"valueName\":\"search_term_string\"}}],\"inLanguage\":\"de\"},{\"@type\":\"Organization\",\"@id\":\"https:\\\/\\\/albergoallacosta.com\\\/#organization\",\"name\":\"Albergo alla Costa Ledro\",\"url\":\"https:\\\/\\\/albergoallacosta.com\\\/\",\"logo\":{\"@type\":\"ImageObject\",\"inLanguage\":\"de\",\"@id\":\"https:\\\/\\\/albergoallacosta.com\\\/#\\\/schema\\\/logo\\\/image\\\/\",\"url\":\"https:\\\/\\\/albergoallacosta.com\\\/wp-content\\\/uploads\\\/2022\\\/03\\\/OND0323520.jpg\",\"contentUrl\":\"https:\\\/\\\/albergoallacosta.com\\\/wp-content\\\/uploads\\\/2022\\\/03\\\/OND0323520.jpg\",\"width\":1920,\"height\":1281,\"caption\":\"Albergo alla Costa Ledro\"},\"image\":{\"@id\":\"https:\\\/\\\/albergoallacosta.com\\\/#\\\/schema\\\/logo\\\/image\\\/\"}}]}<\/script>\n<!-- \/ Yoast SEO plugin. -->","yoast_head_json":{"title":"Ledrosee - Hotel Alla Costa -5%","description":"Das Albergo Alla Costa ist ein Hotel in Ledrosee in Bezzecca, nur 2 km vom Ledrosee entfernt. Es verf\u00fcgt \u00fcber 14 k\u00fcrzlich renovierte Zimmer.","robots":{"index":"index","follow":"follow","max-snippet":"max-snippet:-1","max-image-preview":"max-image-preview:large","max-video-preview":"max-video-preview:-1"},"canonical":"https:\/\/albergoallacosta.com\/territorio\/","og_locale":"de_DE","og_type":"article","og_title":"Ledrosee - Hotel Alla Costa -5%","og_description":"Das Albergo Alla Costa ist ein Hotel in Ledrosee in Bezzecca, nur 2 km vom Ledrosee entfernt. Es verf\u00fcgt \u00fcber 14 k\u00fcrzlich renovierte Zimmer.","og_url":"https:\/\/albergoallacosta.com\/territorio\/","og_site_name":"Albergo Alla Costa","article_modified_time":"2022-03-30T08:54:36+00:00","twitter_card":"summary_large_image","twitter_misc":{"Gesch\u00e4tzte Lesezeit":"4\u00a0Minuten"},"schema":{"@context":"https:\/\/schema.org","@graph":[{"@type":"WebPage","@id":"https:\/\/albergoallacosta.com\/territorio\/","url":"https:\/\/albergoallacosta.com\/territorio\/","name":"Ledrosee - Hotel Alla Costa -5%","isPartOf":{"@id":"https:\/\/albergoallacosta.com\/#website"},"primaryImageOfPage":{"@id":"https:\/\/albergoallacosta.com\/territorio\/#primaryimage"},"image":{"@id":"https:\/\/albergoallacosta.com\/territorio\/#primaryimage"},"thumbnailUrl":"https:\/\/albergoallacosta.com\/wp-content\/uploads\/2022\/03\/15_Museo_delle_Palafitte\u00a92013RobertoVuilleumier.jpg","datePublished":"2022-03-10T15:03:28+00:00","dateModified":"2022-03-30T08:54:36+00:00","description":"Das Albergo Alla Costa ist ein Hotel in Ledrosee in Bezzecca, nur 2 km vom Ledrosee entfernt. Es verf\u00fcgt \u00fcber 14 k\u00fcrzlich renovierte Zimmer.","breadcrumb":{"@id":"https:\/\/albergoallacosta.com\/territorio\/#breadcrumb"},"inLanguage":"de","potentialAction":[{"@type":"ReadAction","target":["https:\/\/albergoallacosta.com\/territorio\/"]}]},{"@type":"ImageObject","inLanguage":"de","@id":"https:\/\/albergoallacosta.com\/territorio\/#primaryimage","url":"https:\/\/albergoallacosta.com\/wp-content\/uploads\/2022\/03\/15_Museo_delle_Palafitte\u00a92013RobertoVuilleumier.jpg","contentUrl":"https:\/\/albergoallacosta.com\/wp-content\/uploads\/2022\/03\/15_Museo_delle_Palafitte\u00a92013RobertoVuilleumier.jpg","width":1920,"height":1278,"caption":"Tramonto nel parco del Museo delle Palafitte del Lago di Ledro"},{"@type":"BreadcrumbList","@id":"https:\/\/albergoallacosta.com\/territorio\/#breadcrumb","itemListElement":[{"@type":"ListItem","position":1,"name":"Home","item":"https:\/\/albergoallacosta.com\/de\/spezialangebot-2026\/"},{"@type":"ListItem","position":2,"name":"Gebiet"}]},{"@type":"WebSite","@id":"https:\/\/albergoallacosta.com\/#website","url":"https:\/\/albergoallacosta.com\/","name":"Albergo Alla Costa","description":"Albergo Alla Costa","publisher":{"@id":"https:\/\/albergoallacosta.com\/#organization"},"potentialAction":[{"@type":"SearchAction","target":{"@type":"EntryPoint","urlTemplate":"https:\/\/albergoallacosta.com\/?s={search_term_string}"},"query-input":{"@type":"PropertyValueSpecification","valueRequired":true,"valueName":"search_term_string"}}],"inLanguage":"de"},{"@type":"Organization","@id":"https:\/\/albergoallacosta.com\/#organization","name":"Albergo alla Costa Ledro","url":"https:\/\/albergoallacosta.com\/","logo":{"@type":"ImageObject","inLanguage":"de","@id":"https:\/\/albergoallacosta.com\/#\/schema\/logo\/image\/","url":"https:\/\/albergoallacosta.com\/wp-content\/uploads\/2022\/03\/OND0323520.jpg","contentUrl":"https:\/\/albergoallacosta.com\/wp-content\/uploads\/2022\/03\/OND0323520.jpg","width":1920,"height":1281,"caption":"Albergo alla Costa Ledro"},"image":{"@id":"https:\/\/albergoallacosta.com\/#\/schema\/logo\/image\/"}}]}},"_links":{"self":[{"href":"https:\/\/albergoallacosta.com\/de\/wp-json\/wp\/v2\/pages\/497","targetHints":{"allow":["GET"]}}],"collection":[{"href":"https:\/\/albergoallacosta.com\/de\/wp-json\/wp\/v2\/pages"}],"about":[{"href":"https:\/\/albergoallacosta.com\/de\/wp-json\/wp\/v2\/types\/page"}],"author":[{"embeddable":true,"href":"https:\/\/albergoallacosta.com\/de\/wp-json\/wp\/v2\/users\/1"}],"replies":[{"embeddable":true,"href":"https:\/\/albergoallacosta.com\/de\/wp-json\/wp\/v2\/comments?post=497"}],"version-history":[{"count":4,"href":"https:\/\/albergoallacosta.com\/de\/wp-json\/wp\/v2\/pages\/497\/revisions"}],"predecessor-version":[{"id":612,"href":"https:\/\/albergoallacosta.com\/de\/wp-json\/wp\/v2\/pages\/497\/revisions\/612"}],"wp:featuredmedia":[{"embeddable":true,"href":"https:\/\/albergoallacosta.com\/de\/wp-json\/wp\/v2\/media\/480"}],"wp:attachment":[{"href":"https:\/\/albergoallacosta.com\/de\/wp-json\/wp\/v2\/media?parent=497"}],"curies":[{"name":"wp","href":"https:\/\/api.w.org\/{rel}","templated":true}]}}